{"id":490,"date":"2020-07-08T14:07:12","date_gmt":"2020-07-08T12:07:12","guid":{"rendered":"http:\/\/anne-lise.bio\/?page_id=490"},"modified":"2025-08-04T15:16:18","modified_gmt":"2025-08-04T13:16:18","slug":"soin-fraicheur-et-circulatoire-des-jambes","status":"publish","type":"page","link":"https:\/\/anne-lise.bio\/index.php\/beaute\/soin-fraicheur-et-circulatoire-des-jambes\/","title":{"rendered":"Soin fraicheur et circulatoire des jambes"},"content":{"rendered":"<p>[et_pb_section fb_built=\u00a0\u00bb1&Prime; custom_padding_last_edited=\u00a0\u00bbon|tablet\u00a0\u00bb admin_label=\u00a0\u00bbHeader\u00a0\u00bb _builder_version=\u00a0\u00bb4.4.1&Prime; background_color=\u00a0\u00bb#f9f6f5&Prime; background_image=\u00a0\u00bbhttp:\/\/anne-lise.bio\/wp-content\/uploads\/2025\/08\/yoga-instrcutor_79.png\u00a0\u00bb background_size=\u00a0\u00bbcontain\u00a0\u00bb background_position=\u00a0\u00bbtop_right\u00a0\u00bb custom_padding=\u00a0\u00bb100px|||||\u00a0\u00bb custom_padding_tablet=\u00a0\u00bb60px||||false|false\u00a0\u00bb custom_padding_phone=\u00a0\u00bb\u00a0\u00bb][et_pb_row column_structure=\u00a0\u00bb2_5,3_5&Prime; custom_padding_last_edited=\u00a0\u00bbon|desktop\u00a0\u00bb _builder_version=\u00a0\u00bb4.4.1&Prime; background_color=\u00a0\u00bb#ffffff\u00a0\u00bb custom_padding=\u00a0\u00bb30px|30px|30px|30px|true|true\u00a0\u00bb custom_padding_tablet=\u00a0\u00bb30px|20px|30px|20px|true|true\u00a0\u00bb custom_padding_phone=\u00a0\u00bb\u00a0\u00bb][et_pb_column type=\u00a0\u00bb2_5&Prime; _builder_version=\u00a0\u00bb4.4.1&Prime;][et_pb_image src=\u00a0\u00bbhttp:\/\/anne-lise.bio\/wp-content\/uploads\/2025\/08\/pexels-karolina-grabowska-6629561-2.jpg\u00a0\u00bb alt=\u00a0\u00bbSoin jambes jourdes\u00a0\u00bb title_text=\u00a0\u00bbSoin jambes jourdes\u00a0\u00bb _builder_version=\u00a0\u00bb4.4.4&Prime; max_height_tablet=\u00a0\u00bb400px\u00a0\u00bb max_height_phone=\u00a0\u00bb\u00a0\u00bb max_height_last_edited=\u00a0\u00bbon|tablet\u00a0\u00bb custom_margin=\u00a0\u00bb100px||-5vw|-50px|false|false\u00a0\u00bb custom_margin_tablet=\u00a0\u00bb0px||0vw|0px|false|false\u00a0\u00bb custom_margin_phone=\u00a0\u00bb\u00a0\u00bb custom_margin_last_edited=\u00a0\u00bbon|tablet\u00a0\u00bb][\/et_pb_image][\/et_pb_column][et_pb_column type=\u00a0\u00bb3_5&Prime; _builder_version=\u00a0\u00bb4.4.0&Prime;][et_pb_text _builder_version=\u00a0\u00bb4.4.4&Prime; text_font_size=\u00a0\u00bb16px\u00a0\u00bb text_line_height=\u00a0\u00bb2em\u00a0\u00bb header_font=\u00a0\u00bbDomine||||||||\u00a0\u00bb header_font_size=\u00a0\u00bb70px\u00a0\u00bb max_width=\u00a0\u00bb800px\u00a0\u00bb hover_enabled=\u00a0\u00bb0&Prime; text_font_size_tablet=\u00a0\u00bb18px\u00a0\u00bb text_font_size_phone=\u00a0\u00bb16px\u00a0\u00bb text_font_size_last_edited=\u00a0\u00bbon|phone\u00a0\u00bb header_font_size_tablet=\u00a0\u00bb48px\u00a0\u00bb header_font_size_phone=\u00a0\u00bb38px\u00a0\u00bb header_font_size_last_edited=\u00a0\u00bbon|phone\u00a0\u00bb locked=\u00a0\u00bboff\u00a0\u00bb]<\/p>\n<h1>Soin circulatoire des jambes<\/h1>\n<p>Un soin l\u00e9ger, drainant et apaisant, parfait pour l\u2019\u00e9t\u00e9 et les sensations de jambes lourdes. Id\u00e9al pour relancer la circulation et retrouver de la l\u00e9g\u00e8ret\u00e9.<\/p>\n<p>[\/et_pb_text][et_pb_text _builder_version=\u00a0\u00bb4.4.4&Prime; text_font=\u00a0\u00bbDomine||||||||\u00a0\u00bb text_font_size=\u00a0\u00bb20px\u00a0\u00bb]<\/p>\n<p>45\u20ac \/ 45min<\/p>\n<p>[\/et_pb_text][et_pb_button button_url=\u00a0\u00bbhttps:\/\/anne-lise.bio\/index.php\/contact\/\u00a0\u00bb button_text=\u00a0\u00bbR\u00e9server ce soin\u00a0\u00bb button_alignment=\u00a0\u00bbleft\u00a0\u00bb _builder_version=\u00a0\u00bb4.4.4&Prime; custom_button=\u00a0\u00bbon\u00a0\u00bb button_text_size=\u00a0\u00bb14px\u00a0\u00bb button_text_color=\u00a0\u00bb#000000&Prime; button_bg_color=\u00a0\u00bbrgba(0,0,0,0)\u00a0\u00bb button_border_width=\u00a0\u00bb1px\u00a0\u00bb button_border_radius=\u00a0\u00bb0px\u00a0\u00bb button_letter_spacing=\u00a0\u00bb4px\u00a0\u00bb button_font=\u00a0\u00bb|700||on|||||\u00a0\u00bb custom_padding=\u00a0\u00bb10px|10px|10px|10px|false|false\u00a0\u00bb hover_enabled=\u00a0\u00bb0&Prime; locked=\u00a0\u00bboff\u00a0\u00bb][\/et_pb_button][\/et_pb_column][\/et_pb_row][\/et_pb_section][et_pb_section fb_built=\u00a0\u00bb1&Prime; admin_label=\u00a0\u00bbPricing\u00a0\u00bb _builder_version=\u00a0\u00bb4.4.1&Prime; background_color=\u00a0\u00bb#f9f6f5&Prime; background_image=\u00a0\u00bbhttp:\/\/anne-lise.bio\/wp-content\/uploads\/2025\/08\/yoga-pattern-01-1.png\u00a0\u00bb background_size=\u00a0\u00bbinitial\u00a0\u00bb background_position=\u00a0\u00bbtop_left\u00a0\u00bb background_repeat=\u00a0\u00bbrepeat\u00a0\u00bb locked=\u00a0\u00bboff\u00a0\u00bb][et_pb_row make_equal=\u00a0\u00bbon\u00a0\u00bb _builder_version=\u00a0\u00bb4.4.1&Prime;][et_pb_column type=\u00a0\u00bb4_4&Prime; _builder_version=\u00a0\u00bb4.4.0&Prime; background_color=\u00a0\u00bb#ffffff\u00a0\u00bb custom_padding=\u00a0\u00bb60px|30px|60px|30px|true|true\u00a0\u00bb custom_padding_tablet=\u00a0\u00bb\u00a0\u00bb custom_padding_phone=\u00a0\u00bb\u00a0\u00bb custom_padding_last_edited=\u00a0\u00bbon|phone\u00a0\u00bb][et_pb_text _builder_version=\u00a0\u00bb4.4.4&Prime; text_font_size=\u00a0\u00bb16px\u00a0\u00bb text_line_height=\u00a0\u00bb2em\u00a0\u00bb header_2_font=\u00a0\u00bbDomine||||||||\u00a0\u00bb header_2_font_size=\u00a0\u00bb35px\u00a0\u00bb header_3_font=\u00a0\u00bbDomine||||||||\u00a0\u00bb header_3_font_size=\u00a0\u00bb24px\u00a0\u00bb header_3_line_height=\u00a0\u00bb1.3em\u00a0\u00bb header_3_font_size_tablet=\u00a0\u00bb\u00a0\u00bb header_3_font_size_phone=\u00a0\u00bb20px\u00a0\u00bb header_3_font_size_last_edited=\u00a0\u00bbon|phone\u00a0\u00bb header_2_3_font_size_phone=\u00a0\u00bb20px\u00a0\u00bb header_3_3_font_size_phone=\u00a0\u00bb20px\u00a0\u00bb header_4_3_font_size_phone=\u00a0\u00bb20px\u00a0\u00bb header_5_3_font_size_phone=\u00a0\u00bb20px\u00a0\u00bb header_6_3_font_size_phone=\u00a0\u00bb20px\u00a0\u00bb header_2_3_font_size_last_edited=\u00a0\u00bbon|phone\u00a0\u00bb header_3_3_font_size_last_edited=\u00a0\u00bbon|phone\u00a0\u00bb header_4_3_font_size_last_edited=\u00a0\u00bbon|phone\u00a0\u00bb header_5_3_font_size_last_edited=\u00a0\u00bbon|phone\u00a0\u00bb header_6_3_font_size_last_edited=\u00a0\u00bbon|phone\u00a0\u00bb]<\/p>\n<h2>D\u00e9roulement du soin fra\u00eecheur et circulatoire des jambes<\/h2>\n<p>Ce <strong>modelage lymphatique<\/strong> inspir\u00e9 de la m\u00e9thode Vodder se concentre sur le <strong>ventre<\/strong>, les <strong>jambes<\/strong> et les <strong>zones de r\u00e9tention d\u2019eau<\/strong>. Par des mouvements lents, ronds et rythm\u00e9s, je stimule la <strong>circulation lymphatique<\/strong> pour aider \u00e0 <strong>d\u00e9sengorger<\/strong> les tissus et \u00e9liminer les <strong>toxines<\/strong>.<\/p>\n<p>Le soin dure <strong>45 minutes<\/strong> et s\u2019effectue avec des <strong>cosm\u00e9tiques naturels<\/strong>. En \u00e9t\u00e9, j\u2019ajoute de la <strong>menthe poivr\u00e9e<\/strong> pour son effet rafra\u00eechissant, et de l\u2019<strong>alo\u00e9 v\u00e9ra<\/strong> pour apaiser la peau. Les jambes retrouvent une sensation de l\u00e9g\u00e8ret\u00e9 imm\u00e9diate, le ventre est <strong>d\u00e9congestionn\u00e9<\/strong>, et le corps plus tonique.<\/p>\n<p>Ce soin est particuli\u00e8rement recommand\u00e9 en cas de <strong>mauvaise circulation<\/strong>, <strong>r\u00e9tention d\u2019eau<\/strong>, ou simplement pour une <strong>pause d\u00e9tox<\/strong> pendant les grosses chaleurs. Il peut aussi s\u2019int\u00e9grer \u00e0 une <strong>cure minceur<\/strong> ou de <strong>d\u00e9congestion digestive<\/strong>.<\/p>\n<p><strong>Abonnement minimum 6 s\u00e9ances : \u201310%.<\/strong><\/p>\n<p>Id\u00e9alement, une cure de 10 s\u00e9ances espac\u00e9es dans le temps permet de <strong>perdre quelques centim\u00e8tres de tour de taille<\/strong> et de retrouver une vraie sensation de fluidit\u00e9 dans tout le bas du corps.<\/p>\n<p>[\/et_pb_text][\/et_pb_column][\/et_pb_row][\/et_pb_section]<\/p>\n","protected":false},"excerpt":{"rendered":"<p>Soin circulatoire des jambes Un soin l\u00e9ger, drainant et apaisant, parfait pour l\u2019\u00e9t\u00e9 et les sensations de jambes lourdes. Id\u00e9al pour relancer la circulation et retrouver de la l\u00e9g\u00e8ret\u00e9. 45\u20ac \/ 45minD\u00e9roulement du soin fra\u00eecheur et circulatoire des jambes Ce modelage lymphatique inspir\u00e9 de la m\u00e9thode Vodder se concentre sur le ventre, les jambes et [&hellip;]<\/p>\n","protected":false},"author":2,"featured_media":0,"parent":17,"menu_order":3,"comment_status":"closed","ping_status":"closed","template":"","meta":{"_et_pb_use_builder":"on","_et_pb_old_content":"<strong>Soin fraicheur et circulatoire des jambes 45 min- 45\u20ac<\/strong>\n\nUn moment de d\u00e9tente et de bien-\u00eatre id\u00e9al pour l'\u00e9t\u00e9.\n\nCe modelage lymphatique (technique Vodder), du ventre et des jambes est parfait pour soulager vos douleurs li\u00e9es a la mauvaise circulation. Menthe poivr\u00e9e et Alo\u00e9 V\u00e9ra seront ajout\u00e9s pendant les grosses chaleurs d'\u00e9t\u00e9 ! Les jambes et le ventre se trouvent all\u00e9g\u00e9s et d\u00e9gonfl\u00e9s ! L'id\u00e9al est de faire une cure de 10 s\u00e9ances afin de perdre quelque tours de taille .\n\n<strong>Abonnement minimum de 6 s\u00e9ances : -10%<\/strong>","_et_gb_content_width":"","footnotes":""},"class_list":["post-490","page","type-page","status-publish","hentry"],"_links":{"self":[{"href":"https:\/\/anne-lise.bio\/index.php\/wp-json\/wp\/v2\/pages\/490","targetHints":{"allow":["GET"]}}],"collection":[{"href":"https:\/\/anne-lise.bio\/index.php\/wp-json\/wp\/v2\/pages"}],"about":[{"href":"https:\/\/anne-lise.bio\/index.php\/wp-json\/wp\/v2\/types\/page"}],"author":[{"embeddable":true,"href":"https:\/\/anne-lise.bio\/index.php\/wp-json\/wp\/v2\/users\/2"}],"replies":[{"embeddable":true,"href":"https:\/\/anne-lise.bio\/index.php\/wp-json\/wp\/v2\/comments?post=490"}],"version-history":[{"count":14,"href":"https:\/\/anne-lise.bio\/index.php\/wp-json\/wp\/v2\/pages\/490\/revisions"}],"predecessor-version":[{"id":1124,"href":"https:\/\/anne-lise.bio\/index.php\/wp-json\/wp\/v2\/pages\/490\/revisions\/1124"}],"up":[{"embeddable":true,"href":"https:\/\/anne-lise.bio\/index.php\/wp-json\/wp\/v2\/pages\/17"}],"wp:attachment":[{"href":"https:\/\/anne-lise.bio\/index.php\/wp-json\/wp\/v2\/media?parent=490"}],"curies":[{"name":"wp","href":"https:\/\/api.w.org\/{rel}","templated":true}]}}